{"id":3039,"date":"2026-05-22T09:14:57","date_gmt":"2026-05-22T07:14:57","guid":{"rendered":"http:\/\/web.feuer.work\/elektro-hoepfel\/?post_type=avada_portfolio&#038;p=3039"},"modified":"2026-06-12T11:44:07","modified_gmt":"2026-06-12T09:44:07","slug":"photovoltaikanlage-zweifamilienhaus","status":"publish","type":"avada_portfolio","link":"http:\/\/web.feuer.work\/elektro-hoepfel\/projects\/photovoltaikanlage-zweifamilienhaus\/","title":{"rendered":"Photovoltaik&shy;anlage Zweifamilien&shy;haus"},"content":{"rendered":"<div class=\"fusion-fullwidth fullwidth-box fusion-builder-row-1 fusion-flex-container has-pattern-background has-mask-background nonhundred-percent-fullwidth non-hundred-percent-height-scrolling\" style=\"--awb-border-radius-top-left:0px;--awb-border-radius-top-right:0px;--awb-border-radius-bottom-right:0px;--awb-border-radius-bottom-left:0px;--awb-flex-wrap:wrap;\" ><div class=\"fusion-builder-row fusion-row fusion-flex-align-items-flex-start fusion-flex-content-wrap\" style=\"max-width:1248px;margin-left: calc(-4% \/ 2 );margin-right: calc(-4% \/ 2 );\"><div class=\"fusion-layout-column fusion_builder_column fusion-builder-column-0 fusion_builder_column_1_1 1_1 fusion-flex-column\" style=\"--awb-bg-size:cover;--awb-width-large:100%;--awb-spacing-right-large:1.92%;--awb-margin-bottom-large:0px;--awb-spacing-left-large:1.92%;--awb-width-medium:100%;--awb-order-medium:0;--awb-spacing-right-medium:1.92%;--awb-spacing-left-medium:1.92%;--awb-width-small:100%;--awb-order-small:0;--awb-spacing-right-small:1.92%;--awb-spacing-left-small:1.92%;\"><div class=\"fusion-column-wrapper fusion-column-has-shadow fusion-flex-justify-content-flex-start fusion-content-layout-column\"><div class=\"fusion-builder-row fusion-builder-row-inner fusion-row fusion-flex-align-items-flex-start fusion-flex-content-wrap\" style=\"width:104% !important;max-width:104% !important;margin-left: calc(-4% \/ 2 );margin-right: calc(-4% \/ 2 );\"><div class=\"fusion-layout-column fusion_builder_column_inner fusion-builder-nested-column-0 fusion_builder_column_inner_1_1 1_1 fusion-flex-column\" style=\"--awb-bg-size:cover;--awb-width-large:100%;--awb-spacing-right-large:1.92%;--awb-margin-bottom-large:0px;--awb-spacing-left-large:1.92%;--awb-width-medium:100%;--awb-order-medium:0;--awb-spacing-right-medium:1.92%;--awb-spacing-left-medium:1.92%;--awb-width-small:100%;--awb-order-small:0;--awb-spacing-right-small:1.92%;--awb-spacing-left-small:1.92%;\"><div class=\"fusion-column-wrapper fusion-column-has-shadow fusion-flex-justify-content-flex-start fusion-content-layout-column\"><div class=\"fusion-image-element \" style=\"--awb-aspect-ratio: 100 \/ 60;--awb-object-position:49% 67%;--awb-margin-bottom-small:40px;--awb-caption-title-font-family:var(--h2_typography-font-family);--awb-caption-title-font-weight:var(--h2_typography-font-weight);--awb-caption-title-font-style:var(--h2_typography-font-style);--awb-caption-title-size:var(--h2_typography-font-size);--awb-caption-title-transform:var(--h2_typography-text-transform);--awb-caption-title-line-height:var(--h2_typography-line-height);--awb-caption-title-letter-spacing:var(--h2_typography-letter-spacing);\"><span class=\" fusion-imageframe imageframe-none imageframe-1 hover-type-none has-aspect-ratio\"><img decoding=\"async\" width=\"1920\" height=\"1142\" title=\"photovoltaik-doppelhaus\" src=\"http:\/\/web.feuer.work\/elektro-hoepfel\/wp-content\/uploads\/2026\/05\/photovoltaik-doppelhaus.webp\" data-orig-src=\"http:\/\/web.feuer.work\/elektro-hoepfel\/wp-content\/uploads\/2026\/05\/photovoltaik-doppelhaus.webp\" class=\"lazyload img-responsive wp-image-3071 img-with-aspect-ratio\" data-parent-fit=\"cover\" data-parent-container=\".fusion-image-element\" alt srcset=\"data:image\/svg+xml,%3Csvg%20xmlns%3D%27http%3A%2F%2Fwww.w3.org%2F2000%2Fsvg%27%20width%3D%271920%27%20height%3D%271142%27%20viewBox%3D%270%200%201920%201142%27%3E%3Crect%20width%3D%271920%27%20height%3D%271142%27%20fill-opacity%3D%220%22%2F%3E%3C%2Fsvg%3E\" data-srcset=\"http:\/\/web.feuer.work\/elektro-hoepfel\/wp-content\/uploads\/2026\/05\/photovoltaik-doppelhaus-200x119.webp 200w, http:\/\/web.feuer.work\/elektro-hoepfel\/wp-content\/uploads\/2026\/05\/photovoltaik-doppelhaus-400x238.webp 400w, http:\/\/web.feuer.work\/elektro-hoepfel\/wp-content\/uploads\/2026\/05\/photovoltaik-doppelhaus-600x357.webp 600w, http:\/\/web.feuer.work\/elektro-hoepfel\/wp-content\/uploads\/2026\/05\/photovoltaik-doppelhaus-800x476.webp 800w, http:\/\/web.feuer.work\/elektro-hoepfel\/wp-content\/uploads\/2026\/05\/photovoltaik-doppelhaus-1200x714.webp 1200w, http:\/\/web.feuer.work\/elektro-hoepfel\/wp-content\/uploads\/2026\/05\/photovoltaik-doppelhaus.webp 1920w\" data-sizes=\"auto\" data-orig-sizes=\"(max-width: 1300px) 100vw, 1200px\" \/><\/span><\/div><\/div><\/div><\/div><div class=\"fusion-title title fusion-title-1 fusion-sep-none fusion-title-text fusion-title-size-two\" style=\"--awb-text-color:var(--awb-color1);--awb-margin-top:60px;--awb-margin-top-small:60px;\"><h2 class=\"fusion-title-heading title-heading-left fusion-responsive-typography-calculated\" style=\"margin:0;text-transform:none;--fontSize:50;line-height:1.3;\">Moderne Energiel\u00f6sung f\u00fcr ein Zweifamilienhaus<\/h2><\/div><div class=\"fusion-title title fusion-title-2 fusion-sep-none fusion-title-text fusion-title-size-one\" style=\"--awb-text-color:var(--awb-color1);--awb-margin-bottom:30px;--awb-margin-bottom-small:30px;--awb-font-size:var(--awb-custom_typography_1-font-size);\"><h1 class=\"fusion-title-heading title-heading-left fusion-responsive-typography-calculated\" style=\"font-family:var(--awb-custom_typography_1-font-family);font-weight:var(--awb-custom_typography_1-font-weight);font-style:var(--awb-custom_typography_1-font-style);margin:0;letter-spacing:var(--awb-custom_typography_1-letter-spacing);text-transform:none;font-size:1em;--fontSize:40;line-height:var(--awb-custom_typography_1-line-height);\">Die Herausforderung<\/h1><\/div><div class=\"fusion-text fusion-text-1 awb-text-cols fusion-text-columns-2 fusion-no-small-visibility\" style=\"--awb-text-transform:none;--awb-text-color:var(--awb-color3);--awb-columns:2;--awb-column-spacing:3em;--awb-column-min-width:100px;\"><p>Bei diesem Projekt sollte f\u00fcr beide Haush\u00e4lften eine nachhaltige und wirtschaftliche Energiel\u00f6sung geschaffen werden. Ziel war es, die Stromkosten dauerhaft zu reduzieren und gleichzeitig eine zukunftssichere Versorgung f\u00fcr beide Parteien zu realisieren.<\/p>\n<p>Besonderes Augenmerk lag auf einer gleichm\u00e4\u00dfigen Auslegung der beiden Anlagen, damit beide Wohneinheiten gleicherma\u00dfen von der erzeugten Solarenergie profitieren k\u00f6nnen.<\/p>\n<p>Zus\u00e4tzlich sollte die Anlage bereits optimal auf moderne Anforderungen wie E-Mobilit\u00e4t und zuk\u00fcnftiges bidirektionales Laden vorbereitet werden.<\/p>\n<\/div><div class=\"fusion-text fusion-text-2 fusion-no-medium-visibility fusion-no-large-visibility\" style=\"--awb-text-transform:none;--awb-text-color:var(--awb-color3);\"><p>Bei diesem Projekt sollte f\u00fcr beide Haush\u00e4lften eine nachhaltige und wirtschaftliche Energiel\u00f6sung geschaffen werden. Ziel war es, die Stromkosten dauerhaft zu reduzieren und gleichzeitig eine zukunftssichere Versorgung f\u00fcr beide Parteien zu realisieren.<\/p>\n<p>Besonderes Augenmerk lag auf einer gleichm\u00e4\u00dfigen Auslegung der beiden Anlagen, damit beide Wohneinheiten gleicherma\u00dfen von der erzeugten Solarenergie profitieren k\u00f6nnen.<\/p>\n<p>Zus\u00e4tzlich sollte die Anlage bereits optimal auf moderne Anforderungen wie E-Mobilit\u00e4t und zuk\u00fcnftiges bidirektionales Laden vorbereitet werden.<\/p>\n<\/div><div class=\"fusion-title title fusion-title-3 fusion-sep-none fusion-title-text fusion-title-size-three\" style=\"--awb-text-color:var(--awb-color1);--awb-margin-top:60px;--awb-margin-bottom:30px;--awb-margin-top-small:40px;--awb-margin-bottom-small:40px;\"><h3 class=\"fusion-title-heading title-heading-left fusion-responsive-typography-calculated\" style=\"margin:0;text-transform:var(--awb-typography1-text-transform);--fontSize:40;line-height:1.4;\">Projektziele<\/h3><\/div><ul style=\"--awb-size:17px;--awb-iconcolor:var(--awb-color5);--awb-textcolor:var(--awb-color3);--awb-line-height:28.9px;--awb-icon-width:28.9px;--awb-icon-height:28.9px;--awb-icon-margin:11.9px;--awb-content-margin:40.8px;\" class=\"fusion-checklist fusion-checklist-1 fusion-checklist-default type-icons\"><li class=\"fusion-li-item\" style=\"\"><span class=\"icon-wrapper circle-no\"><i class=\"fusion-li-icon awb-factorycheck-bullet\" aria-hidden=\"true\"><\/i><\/span><div class=\"fusion-li-item-content\">\n<p>Nachhaltige Energieversorgung f\u00fcr beide Haushalte<\/p>\n<\/div><\/li><li class=\"fusion-li-item\" style=\"\"><span class=\"icon-wrapper circle-no\"><i class=\"fusion-li-icon awb-factorycheck-bullet\" aria-hidden=\"true\"><\/i><\/span><div class=\"fusion-li-item-content\">\n<p>Hohe Eigenverbrauchsquote<\/p>\n<\/div><\/li><li class=\"fusion-li-item\" style=\"\"><span class=\"icon-wrapper circle-no\"><i class=\"fusion-li-icon awb-factorycheck-bullet\" aria-hidden=\"true\"><\/i><\/span><div class=\"fusion-li-item-content\">\n<p>Integration leistungsstarker Stromspeicher<\/p>\n<\/div><\/li><li class=\"fusion-li-item\" style=\"\"><span class=\"icon-wrapper circle-no\"><i class=\"fusion-li-icon awb-factorycheck-bullet\" aria-hidden=\"true\"><\/i><\/span><div class=\"fusion-li-item-content\">\n<p>Vorbereitung f\u00fcr moderne E-Mobilit\u00e4t<\/p>\n<\/div><\/li><li class=\"fusion-li-item\" style=\"\"><span class=\"icon-wrapper circle-no\"><i class=\"fusion-li-icon awb-factorycheck-bullet\" aria-hidden=\"true\"><\/i><\/span><div class=\"fusion-li-item-content\">\n<p>Zukunftssichere Systeml\u00f6sung mit bidirektionaler Ladef\u00e4higkeit<\/p>\n<\/div><\/li><\/ul><div class=\"fusion-title title fusion-title-4 fusion-sep-none fusion-title-text fusion-title-size-three\" style=\"--awb-text-color:var(--awb-color1);--awb-margin-top:60px;--awb-margin-bottom:30px;--awb-margin-top-small:40px;--awb-margin-bottom-small:40px;\"><h3 class=\"fusion-title-heading title-heading-left fusion-responsive-typography-calculated\" style=\"margin:0;text-transform:none;--fontSize:40;line-height:1.4;\">Umsetzung<\/h3><\/div><div class=\"fusion-text fusion-text-3\" style=\"--awb-text-transform:none;--awb-text-color:var(--awb-color3);\"><p>F\u00fcr dieses Projekt plante und montierte Elektro H\u00f6pfel eine moderne Photovoltaikl\u00f6sung f\u00fcr ein Zweifamilienhaus.<\/p>\n<p>Beide Haush\u00e4lften wurden identisch ausgestattet und erhielten jeweils eine Photovoltaikanlage mit 10,7 kWp Aufdachleistung. Erg\u00e4nzt wurde das System durch leistungsstarke Speicher- und Ladel\u00f6sungen von BYD und SMA.<\/p>\n<p>Die Installation umfasste unter anderem:<\/p>\n<ul>\n<li>Zwei Photovoltaikanlagen mit jeweils 10,7 kWp Leistung<\/li>\n<li>BYD-Speichersysteme mit jeweils 13,8 kWh Kapazit\u00e4t<\/li>\n<li>SMA Hybrid-Wechselrichter mit 10 kW Leistung<\/li>\n<li>SMA eCharger mit 11 kW Ladeleistung<\/li>\n<li>Vorbereitung f\u00fcr bidirektionales Laden<\/li>\n<li>Fachgerechte Montage und Inbetriebnahme<\/li>\n<\/ul>\n<p>Durch die intelligente Kombination aus Photovoltaik, Speichertechnik und E-Mobilit\u00e4tsl\u00f6sung entstand ein modernes Gesamtsystem, das optimal auf die Anforderungen beider Haushalte abgestimmt wurde.<\/p>\n<\/div><div class=\"fusion-title title fusion-title-5 fusion-sep-none fusion-title-text fusion-title-size-three\" style=\"--awb-text-color:var(--awb-color1);--awb-margin-top:60px;--awb-margin-bottom:30px;--awb-margin-top-small:40px;--awb-margin-bottom-small:40px;\"><h3 class=\"fusion-title-heading title-heading-left fusion-responsive-typography-calculated\" style=\"margin:0;text-transform:none;--fontSize:40;line-height:1.4;\">Das Ergebnis<\/h3><\/div><div class=\"fusion-text fusion-text-4\" style=\"--awb-text-transform:none;--awb-text-color:var(--awb-color3);\"><p>Die Bewohner profitieren nun von einer deutlich h\u00f6heren Unabh\u00e4ngigkeit vom Energieversorger sowie nachhaltig reduzierten Stromkosten.<\/p>\n<p>Dank der leistungsstarken Speichersysteme kann ein gro\u00dfer Teil des selbst erzeugten Solarstroms direkt genutzt werden \u2013 auch in den Abendstunden. Mit dem SMA eCharger wurde zus\u00e4tzlich eine moderne und zukunftssichere L\u00f6sung f\u00fcr die Elektromobilit\u00e4t geschaffen.<\/p>\n<p>Das Projekt verbindet nachhaltige Energiegewinnung, moderne Speichertechnik und intelligente Ladeinfrastruktur zu einer effizienten Gesamtl\u00f6sung f\u00fcr beide Haush\u00e4lften.<\/p>\n<\/div><\/div><\/div><\/div><\/div>\n","protected":false},"excerpt":{"rendered":"<p>Nachhaltige Energie vom eigenen Dach<\/p>\n","protected":false},"author":1,"featured_media":3071,"menu_order":0,"comment_status":"closed","ping_status":"closed","template":"","format":"standard","meta":{"_acf_changed":false,"footnotes":""},"portfolio_category":[45],"portfolio_skills":[],"portfolio_tags":[],"class_list":["post-3039","avada_portfolio","type-avada_portfolio","status-publish","format-standard","has-post-thumbnail","hentry","portfolio_category-photovoltaik-e-mobiliaet"],"acf":[],"_links":{"self":[{"href":"http:\/\/web.feuer.work\/elektro-hoepfel\/wp-json\/wp\/v2\/avada_portfolio\/3039","targetHints":{"allow":["GET"]}}],"collection":[{"href":"http:\/\/web.feuer.work\/elektro-hoepfel\/wp-json\/wp\/v2\/avada_portfolio"}],"about":[{"href":"http:\/\/web.feuer.work\/elektro-hoepfel\/wp-json\/wp\/v2\/types\/avada_portfolio"}],"author":[{"embeddable":true,"href":"http:\/\/web.feuer.work\/elektro-hoepfel\/wp-json\/wp\/v2\/users\/1"}],"replies":[{"embeddable":true,"href":"http:\/\/web.feuer.work\/elektro-hoepfel\/wp-json\/wp\/v2\/comments?post=3039"}],"version-history":[{"count":2,"href":"http:\/\/web.feuer.work\/elektro-hoepfel\/wp-json\/wp\/v2\/avada_portfolio\/3039\/revisions"}],"predecessor-version":[{"id":3157,"href":"http:\/\/web.feuer.work\/elektro-hoepfel\/wp-json\/wp\/v2\/avada_portfolio\/3039\/revisions\/3157"}],"wp:featuredmedia":[{"embeddable":true,"href":"http:\/\/web.feuer.work\/elektro-hoepfel\/wp-json\/wp\/v2\/media\/3071"}],"wp:attachment":[{"href":"http:\/\/web.feuer.work\/elektro-hoepfel\/wp-json\/wp\/v2\/media?parent=3039"}],"wp:term":[{"taxonomy":"portfolio_category","embeddable":true,"href":"http:\/\/web.feuer.work\/elektro-hoepfel\/wp-json\/wp\/v2\/portfolio_category?post=3039"},{"taxonomy":"portfolio_skills","embeddable":true,"href":"http:\/\/web.feuer.work\/elektro-hoepfel\/wp-json\/wp\/v2\/portfolio_skills?post=3039"},{"taxonomy":"portfolio_tags","embeddable":true,"href":"http:\/\/web.feuer.work\/elektro-hoepfel\/wp-json\/wp\/v2\/portfolio_tags?post=3039"}],"curies":[{"name":"wp","href":"https:\/\/api.w.org\/{rel}","templated":true}]}}